{"id":1664,"date":"2024-11-09T04:43:54","date_gmt":"2024-11-09T04:43:54","guid":{"rendered":"https:\/\/demos.codezeel.com\/wordpress\/WP01\/WP014\/default\/?page_id=1664"},"modified":"2025-07-30T06:08:13","modified_gmt":"2025-07-30T06:08:13","slug":"ambiental","status":"publish","type":"page","link":"https:\/\/sevegra.com\/en\/ambiental\/","title":{"rendered":"Pol\u00edtica y Gesti\u00f3n Ambiental"},"content":{"rendered":"<div data-elementor-type=\"wp-page\" data-elementor-id=\"1664\" class=\"elementor elementor-1664\">\n\t\t\t\t\t\t<section class=\"elementor-section elementor-top-section elementor-element elementor-element-41ac538d elementor-section-stretched testimonial-section elementor-section-boxed elementor-section-height-default elementor-section-height-default wpr-particle-no wpr-jarallax-no wpr-parallax-no wpr-sticky-section-no\" data-id=\"41ac538d\" data-element_type=\"section\" data-e-type=\"section\" data-settings=\"{&quot;stretch_section&quot;:&quot;section-stretched&quot;,&quot;background_background&quot;:&quot;classic&quot;}\">\n\t\t\t\t\t\t<div class=\"elementor-container elementor-column-gap-no\">\n\t\t\t\t\t<div class=\"elementor-column elementor-col-50 elementor-top-column elementor-element elementor-element-16d35295\" data-id=\"16d35295\" data-element_type=\"column\" data-e-type=\"column\">\n\t\t\t<div class=\"elementor-widget-wrap elementor-element-populated\">\n\t\t\t\t\t\t<div class=\"elementor-element elementor-element-53e387a4 elementor-widget elementor-widget-image\" data-id=\"53e387a4\" data-element_type=\"widget\" data-e-type=\"widget\" data-widget_type=\"image.default\">\n\t\t\t\t<div class=\"elementor-widget-container\">\n\t\t\t\t\t\t\t\t\t\t\t\t\t\t\t\t<a href=\"#\">\n\t\t\t\t\t\t\t<img fetchpriority=\"high\" decoding=\"async\" width=\"2339\" height=\"1654\" src=\"https:\/\/sevegra.com\/wp-content\/uploads\/2025\/06\/Certificado-1.png\" class=\"attachment-full size-full wp-image-2228\" alt=\"\" srcset=\"https:\/\/sevegra.com\/wp-content\/uploads\/2025\/06\/Certificado-1.png 2339w, https:\/\/sevegra.com\/wp-content\/uploads\/2025\/06\/Certificado-1-300x212.png 300w, https:\/\/sevegra.com\/wp-content\/uploads\/2025\/06\/Certificado-1-1024x724.png 1024w\" sizes=\"(max-width: 2339px) 100vw, 2339px\" \/>\t\t\t\t\t\t\t\t<\/a>\n\t\t\t\t\t\t\t\t\t\t\t\t\t\t\t<\/div>\n\t\t\t\t<\/div>\n\t\t\t\t\t<\/div>\n\t\t<\/div>\n\t\t\t\t<div class=\"elementor-column elementor-col-50 elementor-top-column elementor-element elementor-element-4e5dc443\" data-id=\"4e5dc443\" data-element_type=\"column\" data-e-type=\"column\">\n\t\t\t<div class=\"elementor-widget-wrap elementor-element-populated\">\n\t\t\t\t\t\t<div class=\"elementor-element elementor-element-26c8608f elementor-widget elementor-widget-tmcore-testimonials\" data-id=\"26c8608f\" data-element_type=\"widget\" data-e-type=\"widget\" data-widget_type=\"tmcore-testimonials.default\">\n\t\t\t\t<div class=\"elementor-widget-container\">\n\t\t\t\t\t            <div class=\"elementor-testimonial-item-wrapper\">\n                <div class=\"row\" data-elementor-columns=\"1\">\n                \n                \n                                            <div class=\"column-item elementor-testimonial-item splide__slide left\">\n                            <div class=\"item-box\">\n\n                                \n                                <span class=\"title\">\n                                                                    <\/span>\n\n                                <div class=\"icon\">\n                                    <span class=\"icon-inner\">\n                                        <i class=\"\"><\/i>\n                                    <\/span>\n                                <\/div>\n\n                                <div class=\"content\">\n                                    En SEVEGRA S.L. estamos comprometidos con la sostenibilidad, la responsabilidad social y la mejora continua en todos nuestros procesos. <br \/>  Como parte de ese compromiso, hemos completado con \u00e9xito el Programa de Capacitaci\u00f3n: Proveedores Sostenibles, impulsado por el Pacto Mundial de las Naciones Unidas.\n\nEste reconocimiento oficial nos acredita como proveedor sostenible, alineado con los Objetivos de Desarrollo Sostenible (ODS) y las mejores pr\u00e1cticas internacionales en materia ambiental, social y de gobernanza (ESG).\n                                <\/div>\n\n                                \n                                \n                                <div class=\"details\">\n                                                                        <div class=\"name\"><\/div>\n                                    <div class=\"job\"><\/div>\n                                <\/div>\n                                \n                            <\/div>\n                        <\/div>\n                                        \n                \n                <\/div>\n            <\/div>\n            \t\t\t\t<\/div>\n\t\t\t\t<\/div>\n\t\t\t\t\t<\/div>\n\t\t<\/div>\n\t\t\t\t\t<\/div>\n\t\t<\/section>\n\t\t\t\t<section class=\"elementor-section elementor-top-section elementor-element elementor-element-f708e1b elementor-section-boxed elementor-section-height-default elementor-section-height-default wpr-particle-no wpr-jarallax-no wpr-parallax-no wpr-sticky-section-no\" data-id=\"f708e1b\" data-element_type=\"section\" data-e-type=\"section\">\n\t\t\t\t\t\t<div class=\"elementor-container elementor-column-gap-no\">\n\t\t\t\t\t<div class=\"elementor-column elementor-col-100 elementor-top-column elementor-element elementor-element-7bf972d\" data-id=\"7bf972d\" data-element_type=\"column\" data-e-type=\"column\">\n\t\t\t<div class=\"elementor-widget-wrap elementor-element-populated\">\n\t\t\t\t\t\t<div class=\"elementor-element elementor-element-bb0bceb elementor-widget elementor-widget-heading\" data-id=\"bb0bceb\" data-element_type=\"widget\" data-e-type=\"widget\" data-widget_type=\"heading.default\">\n\t\t\t\t<div class=\"elementor-widget-container\">\n\t\t\t\t\t<h6 class=\"elementor-heading-title elementor-size-default\">POL\u00cdTICA<\/h6>\t\t\t\t<\/div>\n\t\t\t\t<\/div>\n\t\t\t\t<div class=\"elementor-element elementor-element-dae5363 elementor-widget__width-initial elementor-widget elementor-widget-heading\" data-id=\"dae5363\" data-element_type=\"widget\" data-e-type=\"widget\" data-widget_type=\"heading.default\">\n\t\t\t\t<div class=\"elementor-widget-container\">\n\t\t\t\t\t<h1 class=\"elementor-heading-title elementor-size-default\">Del Sistema Integrado de Gesti\u00f3n<\/h1>\t\t\t\t<\/div>\n\t\t\t\t<\/div>\n\t\t\t\t<div class=\"elementor-element elementor-element-9e50b3c elementor-widget__width-initial elementor-widget elementor-widget-video\" data-id=\"9e50b3c\" data-element_type=\"widget\" data-e-type=\"widget\" data-settings=\"{&quot;video_type&quot;:&quot;hosted&quot;,&quot;autoplay&quot;:&quot;yes&quot;,&quot;mute&quot;:&quot;yes&quot;}\" data-widget_type=\"video.default\">\n\t\t\t\t<div class=\"elementor-widget-container\">\n\t\t\t\t\t\t\t<div class=\"e-hosted-video elementor-wrapper elementor-open-inline\">\n\t\t\t\t\t<video class=\"elementor-video\" src=\"https:\/\/sevegra.com\/wp-content\/uploads\/2025\/06\/Tonnes-loaded-in-2.mp4\" autoplay=\"\" muted=\"muted\" controlslist=\"nodownload\"><\/video>\n\t\t\t\t<\/div>\n\t\t\t\t\t\t<\/div>\n\t\t\t\t<\/div>\n\t\t\t\t<div class=\"elementor-element elementor-element-83686bc elementor-widget elementor-widget-heading\" data-id=\"83686bc\" data-element_type=\"widget\" data-e-type=\"widget\" data-widget_type=\"heading.default\">\n\t\t\t\t<div class=\"elementor-widget-container\">\n\t\t\t\t\t<p class=\"elementor-heading-title elementor-size-default\">\n<br>Sevegra S.L, es una empresa familiar caracterizada por ofrecer un trato muy personalizado, con una experiencia en el sector de m\u00e1s de 30 a\u00f1os. Ha sabido diversificarse de forma que, siendo su origen la se\u00f1alizaci\u00f3n, pr\u00e1cticamente ofrece sus servicios dentro de todos los campos del sector de la construcci\u00f3n. La direcci\u00f3n de Sevegra S.L,  basando su trabajo en la importancia de satisfacer las necesidades y expectativas de sus clientes, el respeto y cuidado por el medioambiente y la seguridad y salud en el trabajo y de sus trabajadores, se compromete junto con toda la organizaci\u00f3n, a incorporar todos los medios profesionales, materiales, legales y t\u00e9cnicos, adem\u00e1s, de cumplir la legislaci\u00f3n vigente y requisitos del cliente para prevenir y evitar los riesgos ambientales y de seguridad y salud existentes en las actividades que desarrolla, reduciendo los impactos ambientales e incidentes laborales.<\/p>\t\t\t\t<\/div>\n\t\t\t\t<\/div>\n\t\t\t\t\t<\/div>\n\t\t<\/div>\n\t\t\t\t\t<\/div>\n\t\t<\/section>\n\t\t\t\t<section class=\"elementor-section elementor-top-section elementor-element elementor-element-24c23c94 elementor-section-stretched elementor-section-boxed elementor-section-height-default elementor-section-height-default wpr-particle-no wpr-jarallax-no wpr-parallax-no wpr-sticky-section-no\" data-id=\"24c23c94\" data-element_type=\"section\" data-e-type=\"section\" data-settings=\"{&quot;stretch_section&quot;:&quot;section-stretched&quot;,&quot;background_background&quot;:&quot;classic&quot;}\">\n\t\t\t\t\t\t<div class=\"elementor-container elementor-column-gap-no\">\n\t\t\t\t\t<div class=\"elementor-column elementor-col-100 elementor-top-column elementor-element elementor-element-c81fdac\" data-id=\"c81fdac\" data-element_type=\"column\" data-e-type=\"column\">\n\t\t\t<div class=\"elementor-widget-wrap elementor-element-populated\">\n\t\t\t\t\t\t<div class=\"elementor-element elementor-element-c256840 elementor-widget elementor-widget-heading\" data-id=\"c256840\" data-element_type=\"widget\" data-e-type=\"widget\" data-widget_type=\"heading.default\">\n\t\t\t\t<div class=\"elementor-widget-container\">\n\t\t\t\t\t<h2 class=\"elementor-heading-title elementor-size-default\">Para ello establece un Sistema integrado de gesti\u00f3n de la Calidad<\/h2>\t\t\t\t<\/div>\n\t\t\t\t<\/div>\n\t\t\t\t<div class=\"elementor-element elementor-element-6fd6524 elementor-widget elementor-widget-text-editor\" data-id=\"6fd6524\" data-element_type=\"widget\" data-e-type=\"widget\" data-widget_type=\"text-editor.default\">\n\t\t\t\t<div class=\"elementor-widget-container\">\n\t\t\t\t\t\t\t\t\t<p>En base a los requisitos de la Norma UNE-EN-ISO 9001:2015,\u00a0 de Gesti\u00f3n medioambiental en base a los requisitos de la Norma UNE-EN-ISO 14001:2015 y de gesti\u00f3n de la Seguridad y Salud Laboral, de acuerdo a OHSAS 18001:2007 y cuyo alcance es \u201cConstrucci\u00f3n de Obra Civil, Reformas y Rehabilitaciones\u201d, estructurado en torno a esta pol\u00edtica, y basado en los siguientes principios:<\/p>\t\t\t\t\t\t\t\t<\/div>\n\t\t\t\t<\/div>\n\t\t\t\t<div class=\"elementor-element elementor-element-d6a9806 elementor-position-inline-start elementor-view-default elementor-mobile-position-block-start elementor-widget elementor-widget-icon-box\" data-id=\"d6a9806\" data-element_type=\"widget\" data-e-type=\"widget\" data-widget_type=\"icon-box.default\">\n\t\t\t\t<div class=\"elementor-widget-container\">\n\t\t\t\t\t\t\t<div class=\"elementor-icon-box-wrapper\">\n\n\t\t\t\t\t\t<div class=\"elementor-icon-box-icon\">\n\t\t\t\t<span  class=\"elementor-icon\">\n\t\t\t\t<svg aria-hidden=\"true\" class=\"e-font-icon-svg e-fas-long-arrow-alt-right\" viewbox=\"0 0 448 512\" xmlns=\"http:\/\/www.w3.org\/2000\/svg\"><path d=\"M313.941 216H12c-6.627 0-12 5.373-12 12v56c0 6.627 5.373 12 12 12h301.941v46.059c0 21.382 25.851 32.09 40.971 16.971l86.059-86.059c9.373-9.373 9.373-24.569 0-33.941l-86.059-86.059c-15.119-15.119-40.971-4.411-40.971 16.971V216z\"><\/path><\/svg>\t\t\t\t<\/span>\n\t\t\t<\/div>\n\t\t\t\n\t\t\t\t\t\t<div class=\"elementor-icon-box-content\">\n\n\t\t\t\t\n\t\t\t\t\t\t\t\t\t<p class=\"elementor-icon-box-description\">\n\t\t\t\t\t\tLa gesti\u00f3n de calidad, ambiental y de seguridad y salud en el trabajo es un elemento estrat\u00e9gico para el funcionamiento de la organizaci\u00f3n y satisfacci\u00f3n plena del cliente.\t\t\t\t\t<\/p>\n\t\t\t\t\n\t\t\t<\/div>\n\t\t\t\n\t\t<\/div>\n\t\t\t\t\t\t<\/div>\n\t\t\t\t<\/div>\n\t\t\t\t<div class=\"elementor-element elementor-element-052a04a elementor-position-inline-start elementor-view-default elementor-mobile-position-block-start elementor-widget elementor-widget-icon-box\" data-id=\"052a04a\" data-element_type=\"widget\" data-e-type=\"widget\" data-widget_type=\"icon-box.default\">\n\t\t\t\t<div class=\"elementor-widget-container\">\n\t\t\t\t\t\t\t<div class=\"elementor-icon-box-wrapper\">\n\n\t\t\t\t\t\t<div class=\"elementor-icon-box-icon\">\n\t\t\t\t<span  class=\"elementor-icon\">\n\t\t\t\t<svg aria-hidden=\"true\" class=\"e-font-icon-svg e-fas-long-arrow-alt-right\" viewbox=\"0 0 448 512\" xmlns=\"http:\/\/www.w3.org\/2000\/svg\"><path d=\"M313.941 216H12c-6.627 0-12 5.373-12 12v56c0 6.627 5.373 12 12 12h301.941v46.059c0 21.382 25.851 32.09 40.971 16.971l86.059-86.059c9.373-9.373 9.373-24.569 0-33.941l-86.059-86.059c-15.119-15.119-40.971-4.411-40.971 16.971V216z\"><\/path><\/svg>\t\t\t\t<\/span>\n\t\t\t<\/div>\n\t\t\t\n\t\t\t\t\t\t<div class=\"elementor-icon-box-content\">\n\n\t\t\t\t\n\t\t\t\t\t\t\t\t\t<p class=\"elementor-icon-box-description\">\n\t\t\t\t\t\tIntegrar un compromiso para la protecci\u00f3n del medio ambiente, incluida la prevenci\u00f3n de la contaminaci\u00f3n, en todas las actividades desarrolladas en el \u00e1mbito de nuestras instalaciones y fuera de las mismas.\t\t\t\t\t<\/p>\n\t\t\t\t\n\t\t\t<\/div>\n\t\t\t\n\t\t<\/div>\n\t\t\t\t\t\t<\/div>\n\t\t\t\t<\/div>\n\t\t\t\t<div class=\"elementor-element elementor-element-5433b71 elementor-position-inline-start elementor-view-default elementor-mobile-position-block-start elementor-widget elementor-widget-icon-box\" data-id=\"5433b71\" data-element_type=\"widget\" data-e-type=\"widget\" data-widget_type=\"icon-box.default\">\n\t\t\t\t<div class=\"elementor-widget-container\">\n\t\t\t\t\t\t\t<div class=\"elementor-icon-box-wrapper\">\n\n\t\t\t\t\t\t<div class=\"elementor-icon-box-icon\">\n\t\t\t\t<span  class=\"elementor-icon\">\n\t\t\t\t<svg aria-hidden=\"true\" class=\"e-font-icon-svg e-fas-long-arrow-alt-right\" viewbox=\"0 0 448 512\" xmlns=\"http:\/\/www.w3.org\/2000\/svg\"><path d=\"M313.941 216H12c-6.627 0-12 5.373-12 12v56c0 6.627 5.373 12 12 12h301.941v46.059c0 21.382 25.851 32.09 40.971 16.971l86.059-86.059c9.373-9.373 9.373-24.569 0-33.941l-86.059-86.059c-15.119-15.119-40.971-4.411-40.971 16.971V216z\"><\/path><\/svg>\t\t\t\t<\/span>\n\t\t\t<\/div>\n\t\t\t\n\t\t\t\t\t\t<div class=\"elementor-icon-box-content\">\n\n\t\t\t\t\n\t\t\t\t\t\t\t\t\t<p class=\"elementor-icon-box-description\">\n\t\t\t\t\t\tExiste el firme compromiso que nuestras actuaciones, actividades y servicios cumplan con los requisitos internos del cliente y otros que la organizaci\u00f3n suscriba, los legales y normativos establecidos, y de esforzarnos en ser m\u00e1s exigentes con dichos requisitos siempre que sea posible.\t\t\t\t\t<\/p>\n\t\t\t\t\n\t\t\t<\/div>\n\t\t\t\n\t\t<\/div>\n\t\t\t\t\t\t<\/div>\n\t\t\t\t<\/div>\n\t\t\t\t<div class=\"elementor-element elementor-element-96d837e elementor-position-inline-start elementor-view-default elementor-mobile-position-block-start elementor-widget elementor-widget-icon-box\" data-id=\"96d837e\" data-element_type=\"widget\" data-e-type=\"widget\" data-widget_type=\"icon-box.default\">\n\t\t\t\t<div class=\"elementor-widget-container\">\n\t\t\t\t\t\t\t<div class=\"elementor-icon-box-wrapper\">\n\n\t\t\t\t\t\t<div class=\"elementor-icon-box-icon\">\n\t\t\t\t<span  class=\"elementor-icon\">\n\t\t\t\t<svg aria-hidden=\"true\" class=\"e-font-icon-svg e-fas-long-arrow-alt-right\" viewbox=\"0 0 448 512\" xmlns=\"http:\/\/www.w3.org\/2000\/svg\"><path d=\"M313.941 216H12c-6.627 0-12 5.373-12 12v56c0 6.627 5.373 12 12 12h301.941v46.059c0 21.382 25.851 32.09 40.971 16.971l86.059-86.059c9.373-9.373 9.373-24.569 0-33.941l-86.059-86.059c-15.119-15.119-40.971-4.411-40.971 16.971V216z\"><\/path><\/svg>\t\t\t\t<\/span>\n\t\t\t<\/div>\n\t\t\t\n\t\t\t\t\t\t<div class=\"elementor-icon-box-content\">\n\n\t\t\t\t\n\t\t\t\t\t\t\t\t\t<p class=\"elementor-icon-box-description\">\n\t\t\t\t\t\tFomentaremos la formaci\u00f3n y sensibilizaci\u00f3n de nuestros empleados, as\u00ed como la comunicaci\u00f3n con nuestros trabajadores, clientes y proveedores.\t\t\t\t\t<\/p>\n\t\t\t\t\n\t\t\t<\/div>\n\t\t\t\n\t\t<\/div>\n\t\t\t\t\t\t<\/div>\n\t\t\t\t<\/div>\n\t\t\t\t<div class=\"elementor-element elementor-element-7972d09 elementor-position-inline-start elementor-view-default elementor-mobile-position-block-start elementor-widget elementor-widget-icon-box\" data-id=\"7972d09\" data-element_type=\"widget\" data-e-type=\"widget\" data-widget_type=\"icon-box.default\">\n\t\t\t\t<div class=\"elementor-widget-container\">\n\t\t\t\t\t\t\t<div class=\"elementor-icon-box-wrapper\">\n\n\t\t\t\t\t\t<div class=\"elementor-icon-box-icon\">\n\t\t\t\t<span  class=\"elementor-icon\">\n\t\t\t\t<svg aria-hidden=\"true\" class=\"e-font-icon-svg e-fas-long-arrow-alt-right\" viewbox=\"0 0 448 512\" xmlns=\"http:\/\/www.w3.org\/2000\/svg\"><path d=\"M313.941 216H12c-6.627 0-12 5.373-12 12v56c0 6.627 5.373 12 12 12h301.941v46.059c0 21.382 25.851 32.09 40.971 16.971l86.059-86.059c9.373-9.373 9.373-24.569 0-33.941l-86.059-86.059c-15.119-15.119-40.971-4.411-40.971 16.971V216z\"><\/path><\/svg>\t\t\t\t<\/span>\n\t\t\t<\/div>\n\t\t\t\n\t\t\t\t\t\t<div class=\"elementor-icon-box-content\">\n\n\t\t\t\t\n\t\t\t\t\t\t\t\t\t<p class=\"elementor-icon-box-description\">\n\t\t\t\t\t\tTenemos el firme compromiso de mejorar continuamente la eficacia del sistema integrado de gesti\u00f3n, potenciando las relaciones con nuestros clientes, el respeto por el medio ambiente y la seguridad y salud en el trabajo.\t\t\t\t\t<\/p>\n\t\t\t\t\n\t\t\t<\/div>\n\t\t\t\n\t\t<\/div>\n\t\t\t\t\t\t<\/div>\n\t\t\t\t<\/div>\n\t\t\t\t<div class=\"elementor-element elementor-element-3603753 elementor-position-inline-start elementor-view-default elementor-mobile-position-block-start elementor-widget elementor-widget-icon-box\" data-id=\"3603753\" data-element_type=\"widget\" data-e-type=\"widget\" data-widget_type=\"icon-box.default\">\n\t\t\t\t<div class=\"elementor-widget-container\">\n\t\t\t\t\t\t\t<div class=\"elementor-icon-box-wrapper\">\n\n\t\t\t\t\t\t<div class=\"elementor-icon-box-icon\">\n\t\t\t\t<span  class=\"elementor-icon\">\n\t\t\t\t<svg aria-hidden=\"true\" class=\"e-font-icon-svg e-fas-long-arrow-alt-right\" viewbox=\"0 0 448 512\" xmlns=\"http:\/\/www.w3.org\/2000\/svg\"><path d=\"M313.941 216H12c-6.627 0-12 5.373-12 12v56c0 6.627 5.373 12 12 12h301.941v46.059c0 21.382 25.851 32.09 40.971 16.971l86.059-86.059c9.373-9.373 9.373-24.569 0-33.941l-86.059-86.059c-15.119-15.119-40.971-4.411-40.971 16.971V216z\"><\/path><\/svg>\t\t\t\t<\/span>\n\t\t\t<\/div>\n\t\t\t\n\t\t\t\t\t\t<div class=\"elementor-icon-box-content\">\n\n\t\t\t\t\n\t\t\t\t\t\t\t\t\t<p class=\"elementor-icon-box-description\">\n\t\t\t\t\t\tCumplir con los objetivos de calidad, ambiental y de seguridad y salud y las metas ambientales descritas en nuestro sistema, de acuerdo, con los aspectos e impactos de las actividades llevadas a cabo, y por otra parte, con todos los requisitos adquiridos por Sevegra S.L.\t\t\t\t\t<\/p>\n\t\t\t\t\n\t\t\t<\/div>\n\t\t\t\n\t\t<\/div>\n\t\t\t\t\t\t<\/div>\n\t\t\t\t<\/div>\n\t\t\t\t<div class=\"elementor-element elementor-element-dfd51f1 elementor-position-inline-start elementor-view-default elementor-mobile-position-block-start elementor-widget elementor-widget-icon-box\" data-id=\"dfd51f1\" data-element_type=\"widget\" data-e-type=\"widget\" data-widget_type=\"icon-box.default\">\n\t\t\t\t<div class=\"elementor-widget-container\">\n\t\t\t\t\t\t\t<div class=\"elementor-icon-box-wrapper\">\n\n\t\t\t\t\t\t<div class=\"elementor-icon-box-icon\">\n\t\t\t\t<span  class=\"elementor-icon\">\n\t\t\t\t<svg aria-hidden=\"true\" class=\"e-font-icon-svg e-fas-long-arrow-alt-right\" viewbox=\"0 0 448 512\" xmlns=\"http:\/\/www.w3.org\/2000\/svg\"><path d=\"M313.941 216H12c-6.627 0-12 5.373-12 12v56c0 6.627 5.373 12 12 12h301.941v46.059c0 21.382 25.851 32.09 40.971 16.971l86.059-86.059c9.373-9.373 9.373-24.569 0-33.941l-86.059-86.059c-15.119-15.119-40.971-4.411-40.971 16.971V216z\"><\/path><\/svg>\t\t\t\t<\/span>\n\t\t\t<\/div>\n\t\t\t\n\t\t\t\t\t\t<div class=\"elementor-icon-box-content\">\n\n\t\t\t\t\n\t\t\t\t\t\t\t\t\t<p class=\"elementor-icon-box-description\">\n\t\t\t\t\t\tAs\u00ed mismo, esta pol\u00edtica constituye el marco para establecer y revisar los objetivos y metas orient\u00e1ndose a la obtenci\u00f3n de los fines propuestos.\t\t\t\t\t<\/p>\n\t\t\t\t\n\t\t\t<\/div>\n\t\t\t\n\t\t<\/div>\n\t\t\t\t\t\t<\/div>\n\t\t\t\t<\/div>\n\t\t\t\t<div class=\"elementor-element elementor-element-746421c elementor-position-inline-start elementor-view-default elementor-mobile-position-block-start elementor-widget elementor-widget-icon-box\" data-id=\"746421c\" data-element_type=\"widget\" data-e-type=\"widget\" data-widget_type=\"icon-box.default\">\n\t\t\t\t<div class=\"elementor-widget-container\">\n\t\t\t\t\t\t\t<div class=\"elementor-icon-box-wrapper\">\n\n\t\t\t\t\t\t<div class=\"elementor-icon-box-icon\">\n\t\t\t\t<span  class=\"elementor-icon\">\n\t\t\t\t<svg aria-hidden=\"true\" class=\"e-font-icon-svg e-fas-long-arrow-alt-right\" viewbox=\"0 0 448 512\" xmlns=\"http:\/\/www.w3.org\/2000\/svg\"><path d=\"M313.941 216H12c-6.627 0-12 5.373-12 12v56c0 6.627 5.373 12 12 12h301.941v46.059c0 21.382 25.851 32.09 40.971 16.971l86.059-86.059c9.373-9.373 9.373-24.569 0-33.941l-86.059-86.059c-15.119-15.119-40.971-4.411-40.971 16.971V216z\"><\/path><\/svg>\t\t\t\t<\/span>\n\t\t\t<\/div>\n\t\t\t\n\t\t\t\t\t\t<div class=\"elementor-icon-box-content\">\n\n\t\t\t\t\n\t\t\t\t\t\t\t\t\t<p class=\"elementor-icon-box-description\">\n\t\t\t\t\t\tCrearemos el ambiente de trabajo apropiado para que el personal se involucre en el \u00e9xito de los objetivos de la organizaci\u00f3n y mantener los niveles exigidos en medio ambiente y  seguridad y salud.\t\t\t\t\t<\/p>\n\t\t\t\t\n\t\t\t<\/div>\n\t\t\t\n\t\t<\/div>\n\t\t\t\t\t\t<\/div>\n\t\t\t\t<\/div>\n\t\t\t\t<div class=\"elementor-element elementor-element-e603601 elementor-widget elementor-widget-text-editor\" data-id=\"e603601\" data-element_type=\"widget\" data-e-type=\"widget\" data-widget_type=\"text-editor.default\">\n\t\t\t\t<div class=\"elementor-widget-container\">\n\t\t\t\t\t\t\t\t\t<p>Como base fundamental para la coherencia de los compromisos adquiridos, y la participaci\u00f3n activa de los miembros de la organizaci\u00f3n, la direcci\u00f3n de Sevegra S.L. difunde esta pol\u00edtica a todos sus clientes, trabajadores, subcontratistas y a cualquier parte interesada que lo requiera, con el fin de crear una conciencia clara de colaboraci\u00f3n para hacer viable dicho compromiso.<\/p>\t\t\t\t\t\t\t\t<\/div>\n\t\t\t\t<\/div>\n\t\t\t\t\t<\/div>\n\t\t<\/div>\n\t\t\t\t\t<\/div>\n\t\t<\/section>\n\t\t\t\t<section class=\"elementor-section elementor-top-section elementor-element elementor-element-448bb94 elementor-section-boxed elementor-section-height-default elementor-section-height-default wpr-particle-no wpr-jarallax-no wpr-parallax-no wpr-sticky-section-no\" data-id=\"448bb94\" data-element_type=\"section\" data-e-type=\"section\">\n\t\t\t\t\t\t<div class=\"elementor-container elementor-column-gap-no\">\n\t\t\t\t\t<div class=\"elementor-column elementor-col-100 elementor-top-column elementor-element elementor-element-c23074d\" data-id=\"c23074d\" data-element_type=\"column\" data-e-type=\"column\">\n\t\t\t<div class=\"elementor-widget-wrap elementor-element-populated\">\n\t\t\t\t\t\t<div class=\"elementor-element elementor-element-b3d4926 elementor-widget elementor-widget-heading\" data-id=\"b3d4926\" data-element_type=\"widget\" data-e-type=\"widget\" data-widget_type=\"heading.default\">\n\t\t\t\t<div class=\"elementor-widget-container\">\n\t\t\t\t\t<h6 class=\"elementor-heading-title elementor-size-default\">POL\u00cdTICA<\/h6>\t\t\t\t<\/div>\n\t\t\t\t<\/div>\n\t\t\t\t<div class=\"elementor-element elementor-element-bb35d59 elementor-widget__width-initial elementor-widget elementor-widget-heading\" data-id=\"bb35d59\" data-element_type=\"widget\" data-e-type=\"widget\" data-widget_type=\"heading.default\">\n\t\t\t\t<div class=\"elementor-widget-container\">\n\t\t\t\t\t<h1 class=\"elementor-heading-title elementor-size-default\">De Sostenibilidad<\/h1>\t\t\t\t<\/div>\n\t\t\t\t<\/div>\n\t\t\t\t<div class=\"elementor-element elementor-element-1006063 elementor-widget__width-initial elementor-widget elementor-widget-video\" data-id=\"1006063\" data-element_type=\"widget\" data-e-type=\"widget\" data-settings=\"{&quot;video_type&quot;:&quot;hosted&quot;,&quot;autoplay&quot;:&quot;yes&quot;,&quot;mute&quot;:&quot;yes&quot;}\" data-widget_type=\"video.default\">\n\t\t\t\t<div class=\"elementor-widget-container\">\n\t\t\t\t\t\t\t<div class=\"e-hosted-video elementor-wrapper elementor-open-inline\">\n\t\t\t\t\t<video class=\"elementor-video\" src=\"https:\/\/sevegra.com\/wp-content\/uploads\/2025\/06\/Tonnes-loaded-in-3.mp4\" autoplay=\"\" muted=\"muted\" controlslist=\"nodownload\"><\/video>\n\t\t\t\t<\/div>\n\t\t\t\t\t\t<\/div>\n\t\t\t\t<\/div>\n\t\t\t\t<div class=\"elementor-element elementor-element-d05b86f elementor-widget elementor-widget-heading\" data-id=\"d05b86f\" data-element_type=\"widget\" data-e-type=\"widget\" data-widget_type=\"heading.default\">\n\t\t\t\t<div class=\"elementor-widget-container\">\n\t\t\t\t\t<p class=\"elementor-heading-title elementor-size-default\">\n<br>Estimado cliente,\nPonemos en su conocimiento nuestra Pol\u00edtica de Sostenibilidad, con la \u00fanica intenci\u00f3n de darles\na conocer que en SEVEGRA, S.L. asumimos la sostenibilidad como eje fundamental de nuestra\nactividad en el sector de la construcci\u00f3n. Nos comprometemos a dise\u00f1ar y ejecutar proyectos\nque contribuyan al desarrollo responsable, minimizando el impacto ambiental, promoviendo la\neficiencia de recursos y generando valor social a largo plazo para nuestros clientes y las comunidades en las que operamos.<br><\/p>\t\t\t\t<\/div>\n\t\t\t\t<\/div>\n\t\t\t\t\t<\/div>\n\t\t<\/div>\n\t\t\t\t\t<\/div>\n\t\t<\/section>\n\t\t\t\t<section class=\"elementor-section elementor-top-section elementor-element elementor-element-35ecd003 elementor-section-stretched elementor-section-boxed elementor-section-height-default elementor-section-height-default wpr-particle-no wpr-jarallax-no wpr-parallax-no wpr-sticky-section-no\" data-id=\"35ecd003\" data-element_type=\"section\" data-e-type=\"section\" data-settings=\"{&quot;stretch_section&quot;:&quot;section-stretched&quot;,&quot;background_background&quot;:&quot;classic&quot;}\">\n\t\t\t\t\t\t<div class=\"elementor-container elementor-column-gap-no\">\n\t\t\t\t\t<div class=\"elementor-column elementor-col-50 elementor-top-column elementor-element elementor-element-3385186\" data-id=\"3385186\" data-element_type=\"column\" data-e-type=\"column\">\n\t\t\t<div class=\"elementor-widget-wrap elementor-element-populated\">\n\t\t\t\t\t\t<div class=\"elementor-element elementor-element-7418064 elementor-widget elementor-widget-heading\" data-id=\"7418064\" data-element_type=\"widget\" data-e-type=\"widget\" data-widget_type=\"heading.default\">\n\t\t\t\t<div class=\"elementor-widget-container\">\n\t\t\t\t\t<h2 class=\"elementor-heading-title elementor-size-default\">Principios Rectores<\/h2>\t\t\t\t<\/div>\n\t\t\t\t<\/div>\n\t\t\t\t\t<\/div>\n\t\t<\/div>\n\t\t\t\t<div class=\"elementor-column elementor-col-50 elementor-top-column elementor-element elementor-element-3575d30e simple-scroll\" data-id=\"3575d30e\" data-element_type=\"column\" data-e-type=\"column\">\n\t\t\t<div class=\"elementor-widget-wrap elementor-element-populated\">\n\t\t\t\t\t\t<div class=\"elementor-element elementor-element-539a3f2 elementor-widget__width-initial elementor-widget elementor-widget-icon-box\" data-id=\"539a3f2\" data-element_type=\"widget\" data-e-type=\"widget\" data-widget_type=\"icon-box.default\">\n\t\t\t\t<div class=\"elementor-widget-container\">\n\t\t\t\t\t\t\t<div class=\"elementor-icon-box-wrapper\">\n\n\t\t\t\n\t\t\t\t\t\t<div class=\"elementor-icon-box-content\">\n\n\t\t\t\t\t\t\t\t\t<h3 class=\"elementor-icon-box-title\">\n\t\t\t\t\t\t<span  >\n\t\t\t\t\t\t\tCumplimiento\t\t\t\t\t\t<\/span>\n\t\t\t\t\t<\/h3>\n\t\t\t\t\n\t\t\t\t\t\t\t\t\t<p class=\"elementor-icon-box-description\">\n\t\t\t\t\t\tDe la normativa ambiental, social y de seguridad aplicable.\t\t\t\t\t<\/p>\n\t\t\t\t\n\t\t\t<\/div>\n\t\t\t\n\t\t<\/div>\n\t\t\t\t\t\t<\/div>\n\t\t\t\t<\/div>\n\t\t\t\t<div class=\"elementor-element elementor-element-a73fda7 elementor-widget__width-initial elementor-widget elementor-widget-icon-box\" data-id=\"a73fda7\" data-element_type=\"widget\" data-e-type=\"widget\" data-widget_type=\"icon-box.default\">\n\t\t\t\t<div class=\"elementor-widget-container\">\n\t\t\t\t\t\t\t<div class=\"elementor-icon-box-wrapper\">\n\n\t\t\t\n\t\t\t\t\t\t<div class=\"elementor-icon-box-content\">\n\n\t\t\t\t\t\t\t\t\t<h3 class=\"elementor-icon-box-title\">\n\t\t\t\t\t\t<span  >\n\t\t\t\t\t\t\tMejora\t\t\t\t\t\t<\/span>\n\t\t\t\t\t<\/h3>\n\t\t\t\t\n\t\t\t\t\t\t\t\t\t<p class=\"elementor-icon-box-description\">\n\t\t\t\t\t\tContinua en nuestros procesos constructivos.\t\t\t\t\t<\/p>\n\t\t\t\t\n\t\t\t<\/div>\n\t\t\t\n\t\t<\/div>\n\t\t\t\t\t\t<\/div>\n\t\t\t\t<\/div>\n\t\t\t\t<div class=\"elementor-element elementor-element-3e3ce110 elementor-widget__width-initial elementor-widget elementor-widget-icon-box\" data-id=\"3e3ce110\" data-element_type=\"widget\" data-e-type=\"widget\" data-widget_type=\"icon-box.default\">\n\t\t\t\t<div class=\"elementor-widget-container\">\n\t\t\t\t\t\t\t<div class=\"elementor-icon-box-wrapper\">\n\n\t\t\t\n\t\t\t\t\t\t<div class=\"elementor-icon-box-content\">\n\n\t\t\t\t\t\t\t\t\t<h3 class=\"elementor-icon-box-title\">\n\t\t\t\t\t\t<span  >\n\t\t\t\t\t\t\tAlineaci\u00f3n\t\t\t\t\t\t<\/span>\n\t\t\t\t\t<\/h3>\n\t\t\t\t\n\t\t\t\t\t\t\t\t\t<p class=\"elementor-icon-box-description\">\n\t\t\t\t\t\tcon los Objetivos de Desarrollo Sostenible (ODS) de la ONU\t\t\t\t\t<\/p>\n\t\t\t\t\n\t\t\t<\/div>\n\t\t\t\n\t\t<\/div>\n\t\t\t\t\t\t<\/div>\n\t\t\t\t<\/div>\n\t\t\t\t<div class=\"elementor-element elementor-element-32e22b98 elementor-widget__width-initial elementor-widget elementor-widget-icon-box\" data-id=\"32e22b98\" data-element_type=\"widget\" data-e-type=\"widget\" data-widget_type=\"icon-box.default\">\n\t\t\t\t<div class=\"elementor-widget-container\">\n\t\t\t\t\t\t\t<div class=\"elementor-icon-box-wrapper\">\n\n\t\t\t\n\t\t\t\t\t\t<div class=\"elementor-icon-box-content\">\n\n\t\t\t\t\t\t\t\t\t<h3 class=\"elementor-icon-box-title\">\n\t\t\t\t\t\t<span  >\n\t\t\t\t\t\t\tTransparencia\t\t\t\t\t\t<\/span>\n\t\t\t\t\t<\/h3>\n\t\t\t\t\n\t\t\t\t\t\t\t\t\t<p class=\"elementor-icon-box-description\">\n\t\t\t\t\t\ten la informaci\u00f3n sobre los impactos ambientales y sociales de nuestros\nproyectos.\t\t\t\t\t<\/p>\n\t\t\t\t\n\t\t\t<\/div>\n\t\t\t\n\t\t<\/div>\n\t\t\t\t\t\t<\/div>\n\t\t\t\t<\/div>\n\t\t\t\t\t<\/div>\n\t\t<\/div>\n\t\t\t\t\t<\/div>\n\t\t<\/section>\n\t\t<div class=\"elementor-element elementor-element-82e693c e-flex e-con-boxed wpr-particle-no wpr-jarallax-no wpr-parallax-no wpr-sticky-section-no e-con e-parent\" data-id=\"82e693c\" data-element_type=\"container\" data-e-type=\"container\">\n\t\t\t\t\t<div class=\"e-con-inner\">\n\t\t\t\t<div class=\"elementor-element elementor-element-ccc0a61 elementor-widget elementor-widget-image\" data-id=\"ccc0a61\" data-element_type=\"widget\" data-e-type=\"widget\" data-widget_type=\"image.default\">\n\t\t\t\t<div class=\"elementor-widget-container\">\n\t\t\t\t\t\t\t\t\t\t\t\t\t\t\t<img decoding=\"async\" width=\"210\" height=\"51\" src=\"https:\/\/sevegra.com\/wp-content\/uploads\/2025\/05\/cropped-Logo-SEVEGRA-2.png\" class=\"attachment-large size-large wp-image-2148\" alt=\"\" srcset=\"https:\/\/sevegra.com\/wp-content\/uploads\/2025\/05\/cropped-Logo-SEVEGRA-2.png 210w, https:\/\/sevegra.com\/wp-content\/uploads\/2025\/05\/cropped-Logo-SEVEGRA-2-18x4.png 18w\" sizes=\"(max-width: 210px) 100vw, 210px\" \/>\t\t\t\t\t\t\t\t\t\t\t\t\t\t\t<\/div>\n\t\t\t\t<\/div>\n\t\t\t\t\t<\/div>\n\t\t\t\t<\/div>\n\t\t\t\t<section class=\"elementor-section elementor-top-section elementor-element elementor-element-7abf88210 elementor-section-boxed elementor-section-height-default elementor-section-height-default wpr-particle-no wpr-jarallax-no wpr-parallax-no wpr-sticky-section-no\" data-id=\"7abf88210\" data-element_type=\"section\" data-e-type=\"section\">\n\t\t\t\t\t\t<div class=\"elementor-container elementor-column-gap-no\">\n\t\t\t\t\t<div class=\"elementor-column elementor-col-100 elementor-top-column elementor-element elementor-element-6fef4b7b\" data-id=\"6fef4b7b\" data-element_type=\"column\" data-e-type=\"column\">\n\t\t\t<div class=\"elementor-widget-wrap elementor-element-populated\">\n\t\t\t\t\t\t<div class=\"elementor-element elementor-element-3c796c1 elementor-widget elementor-widget-heading\" data-id=\"3c796c1\" data-element_type=\"widget\" data-e-type=\"widget\" data-widget_type=\"heading.default\">\n\t\t\t\t<div class=\"elementor-widget-container\">\n\t\t\t\t\t<h2 class=\"elementor-heading-title elementor-size-default\">Compromiso con nuestros Clientes<\/h2>\t\t\t\t<\/div>\n\t\t\t\t<\/div>\n\t\t\t\t<section class=\"elementor-section elementor-inner-section elementor-element elementor-element-3acad6c6 elementor-section-boxed elementor-section-height-default elementor-section-height-default wpr-particle-no wpr-jarallax-no wpr-parallax-no wpr-sticky-section-no\" data-id=\"3acad6c6\" data-element_type=\"section\" data-e-type=\"section\">\n\t\t\t\t\t\t<div class=\"elementor-container elementor-column-gap-default\">\n\t\t\t\t\t<div class=\"elementor-column elementor-col-50 elementor-inner-column elementor-element elementor-element-21265df8\" data-id=\"21265df8\" data-element_type=\"column\" data-e-type=\"column\">\n\t\t\t<div class=\"elementor-widget-wrap elementor-element-populated\">\n\t\t\t\t\t\t<div class=\"elementor-element elementor-element-4fbe820d elementor-widget elementor-widget-accordion\" data-id=\"4fbe820d\" data-element_type=\"widget\" data-e-type=\"widget\" data-widget_type=\"accordion.default\">\n\t\t\t\t<div class=\"elementor-widget-container\">\n\t\t\t\t\t\t\t<div class=\"elementor-accordion\">\n\t\t\t\t\t\t\t<div class=\"elementor-accordion-item\">\n\t\t\t\t\t<div id=\"elementor-tab-title-1331\" class=\"elementor-tab-title\" data-tab=\"1\" role=\"button\" aria-controls=\"elementor-tab-content-1331\" aria-expanded=\"false\">\n\t\t\t\t\t\t\t\t\t\t\t\t\t<span class=\"elementor-accordion-icon elementor-accordion-icon-right\" aria-hidden=\"true\">\n\t\t\t\t\t\t\t\t\t\t\t\t\t\t\t<span class=\"elementor-accordion-icon-closed\"><svg class=\"e-font-icon-svg e-fas-angle-down\" viewbox=\"0 0 320 512\" xmlns=\"http:\/\/www.w3.org\/2000\/svg\"><path d=\"M143 352.3L7 216.3c-9.4-9.4-9.4-24.6 0-33.9l22.6-22.6c9.4-9.4 24.6-9.4 33.9 0l96.4 96.4 96.4-96.4c9.4-9.4 24.6-9.4 33.9 0l22.6 22.6c9.4 9.4 9.4 24.6 0 33.9l-136 136c-9.2 9.4-24.4 9.4-33.8 0z\"><\/path><\/svg><\/span>\n\t\t\t\t\t\t\t\t<span class=\"elementor-accordion-icon-opened\"><svg class=\"e-font-icon-svg e-fas-angle-up\" viewbox=\"0 0 320 512\" xmlns=\"http:\/\/www.w3.org\/2000\/svg\"><path d=\"M177 159.7l136 136c9.4 9.4 9.4 24.6 0 33.9l-22.6 22.6c-9.4 9.4-24.6 9.4-33.9 0L160 255.9l-96.4 96.4c-9.4 9.4-24.6 9.4-33.9 0L7 329.7c-9.4-9.4-9.4-24.6 0-33.9l136-136c9.4-9.5 24.6-9.5 34-.1z\"><\/path><\/svg><\/span>\n\t\t\t\t\t\t\t\t\t\t\t\t\t\t<\/span>\n\t\t\t\t\t\t\t\t\t\t\t\t<a class=\"elementor-accordion-title\" tabindex=\"0\">Compromiso ambiental<\/a>\n\t\t\t\t\t<\/div>\n\t\t\t\t\t<div id=\"elementor-tab-content-1331\" class=\"elementor-tab-content elementor-clearfix\" data-tab=\"1\" role=\"region\" aria-labelledby=\"elementor-tab-title-1331\"><ul><li>Promover el uso de materiales de construcci\u00f3n sostenibles, reciclables o certificados.<\/li><li>Dise\u00f1ar obras con criterios de eficiencia energ\u00e9tica, reducci\u00f3n de residuos y gesti\u00f3n<br \/>responsable del agua.<\/li><li>Fomentar la construcci\u00f3n de edificaciones que incorporen soluciones bioclim\u00e1ticas,<br \/>sistemas pasivos o tecnolog\u00edas limpias.<\/li><\/ul><\/div>\n\t\t\t\t<\/div>\n\t\t\t\t\t\t\t<div class=\"elementor-accordion-item\">\n\t\t\t\t\t<div id=\"elementor-tab-title-1332\" class=\"elementor-tab-title\" data-tab=\"2\" role=\"button\" aria-controls=\"elementor-tab-content-1332\" aria-expanded=\"false\">\n\t\t\t\t\t\t\t\t\t\t\t\t\t<span class=\"elementor-accordion-icon elementor-accordion-icon-right\" aria-hidden=\"true\">\n\t\t\t\t\t\t\t\t\t\t\t\t\t\t\t<span class=\"elementor-accordion-icon-closed\"><svg class=\"e-font-icon-svg e-fas-angle-down\" viewbox=\"0 0 320 512\" xmlns=\"http:\/\/www.w3.org\/2000\/svg\"><path d=\"M143 352.3L7 216.3c-9.4-9.4-9.4-24.6 0-33.9l22.6-22.6c9.4-9.4 24.6-9.4 33.9 0l96.4 96.4 96.4-96.4c9.4-9.4 24.6-9.4 33.9 0l22.6 22.6c9.4 9.4 9.4 24.6 0 33.9l-136 136c-9.2 9.4-24.4 9.4-33.8 0z\"><\/path><\/svg><\/span>\n\t\t\t\t\t\t\t\t<span class=\"elementor-accordion-icon-opened\"><svg class=\"e-font-icon-svg e-fas-angle-up\" viewbox=\"0 0 320 512\" xmlns=\"http:\/\/www.w3.org\/2000\/svg\"><path d=\"M177 159.7l136 136c9.4 9.4 9.4 24.6 0 33.9l-22.6 22.6c-9.4 9.4-24.6 9.4-33.9 0L160 255.9l-96.4 96.4c-9.4 9.4-24.6 9.4-33.9 0L7 329.7c-9.4-9.4-9.4-24.6 0-33.9l136-136c9.4-9.5 24.6-9.5 34-.1z\"><\/path><\/svg><\/span>\n\t\t\t\t\t\t\t\t\t\t\t\t\t\t<\/span>\n\t\t\t\t\t\t\t\t\t\t\t\t<a class=\"elementor-accordion-title\" tabindex=\"0\">Compromiso Social<\/a>\n\t\t\t\t\t<\/div>\n\t\t\t\t\t<div id=\"elementor-tab-content-1332\" class=\"elementor-tab-content elementor-clearfix\" data-tab=\"2\" role=\"region\" aria-labelledby=\"elementor-tab-title-1332\"><ul><li>Desarrollar proyectos que mejoren la calidad de vida y respondan a las necesidades<br \/>reales de los usuarios.<\/li><li>Garantizar condiciones laborales justas y seguras para todo el personal vinculado<br \/>directa o indirectamente con nuestras obras.<\/li><li>Fomentar la accesibilidad, la equidad y el dise\u00f1o universal en nuestras construcciones.<\/li><\/ul><\/div>\n\t\t\t\t<\/div>\n\t\t\t\t\t\t\t<div class=\"elementor-accordion-item\">\n\t\t\t\t\t<div id=\"elementor-tab-title-1333\" class=\"elementor-tab-title\" data-tab=\"3\" role=\"button\" aria-controls=\"elementor-tab-content-1333\" aria-expanded=\"false\">\n\t\t\t\t\t\t\t\t\t\t\t\t\t<span class=\"elementor-accordion-icon elementor-accordion-icon-right\" aria-hidden=\"true\">\n\t\t\t\t\t\t\t\t\t\t\t\t\t\t\t<span class=\"elementor-accordion-icon-closed\"><svg class=\"e-font-icon-svg e-fas-angle-down\" viewbox=\"0 0 320 512\" xmlns=\"http:\/\/www.w3.org\/2000\/svg\"><path d=\"M143 352.3L7 216.3c-9.4-9.4-9.4-24.6 0-33.9l22.6-22.6c9.4-9.4 24.6-9.4 33.9 0l96.4 96.4 96.4-96.4c9.4-9.4 24.6-9.4 33.9 0l22.6 22.6c9.4 9.4 9.4 24.6 0 33.9l-136 136c-9.2 9.4-24.4 9.4-33.8 0z\"><\/path><\/svg><\/span>\n\t\t\t\t\t\t\t\t<span class=\"elementor-accordion-icon-opened\"><svg class=\"e-font-icon-svg e-fas-angle-up\" viewbox=\"0 0 320 512\" xmlns=\"http:\/\/www.w3.org\/2000\/svg\"><path d=\"M177 159.7l136 136c9.4 9.4 9.4 24.6 0 33.9l-22.6 22.6c-9.4 9.4-24.6 9.4-33.9 0L160 255.9l-96.4 96.4c-9.4 9.4-24.6 9.4-33.9 0L7 329.7c-9.4-9.4-9.4-24.6 0-33.9l136-136c9.4-9.5 24.6-9.5 34-.1z\"><\/path><\/svg><\/span>\n\t\t\t\t\t\t\t\t\t\t\t\t\t\t<\/span>\n\t\t\t\t\t\t\t\t\t\t\t\t<a class=\"elementor-accordion-title\" tabindex=\"0\">Transparencia y Comunicaci\u00f3n Responsable<\/a>\n\t\t\t\t\t<\/div>\n\t\t\t\t\t<div id=\"elementor-tab-content-1333\" class=\"elementor-tab-content elementor-clearfix\" data-tab=\"3\" role=\"region\" aria-labelledby=\"elementor-tab-title-1333\"><ul><li>Brindar a nuestros clientes informaci\u00f3n clara sobre las caracter\u00edsticas sostenibles de sus<br \/>proyectos.<\/li><li>Incluir criterios de sostenibilidad en las propuestas t\u00e9cnicas y presupuestarias.<\/li><li>Establecer canales abiertos para que los clientes puedan hacer sugerencias o expresar<br \/>inquietudes sobre el impacto de sus proyectos.<\/li><\/ul><\/div>\n\t\t\t\t<\/div>\n\t\t\t\t\t\t\t<div class=\"elementor-accordion-item\">\n\t\t\t\t\t<div id=\"elementor-tab-title-1334\" class=\"elementor-tab-title\" data-tab=\"4\" role=\"button\" aria-controls=\"elementor-tab-content-1334\" aria-expanded=\"false\">\n\t\t\t\t\t\t\t\t\t\t\t\t\t<span class=\"elementor-accordion-icon elementor-accordion-icon-right\" aria-hidden=\"true\">\n\t\t\t\t\t\t\t\t\t\t\t\t\t\t\t<span class=\"elementor-accordion-icon-closed\"><svg class=\"e-font-icon-svg e-fas-angle-down\" viewbox=\"0 0 320 512\" xmlns=\"http:\/\/www.w3.org\/2000\/svg\"><path d=\"M143 352.3L7 216.3c-9.4-9.4-9.4-24.6 0-33.9l22.6-22.6c9.4-9.4 24.6-9.4 33.9 0l96.4 96.4 96.4-96.4c9.4-9.4 24.6-9.4 33.9 0l22.6 22.6c9.4 9.4 9.4 24.6 0 33.9l-136 136c-9.2 9.4-24.4 9.4-33.8 0z\"><\/path><\/svg><\/span>\n\t\t\t\t\t\t\t\t<span class=\"elementor-accordion-icon-opened\"><svg class=\"e-font-icon-svg e-fas-angle-up\" viewbox=\"0 0 320 512\" xmlns=\"http:\/\/www.w3.org\/2000\/svg\"><path d=\"M177 159.7l136 136c9.4 9.4 9.4 24.6 0 33.9l-22.6 22.6c-9.4 9.4-24.6 9.4-33.9 0L160 255.9l-96.4 96.4c-9.4 9.4-24.6 9.4-33.9 0L7 329.7c-9.4-9.4-9.4-24.6 0-33.9l136-136c9.4-9.5 24.6-9.5 34-.1z\"><\/path><\/svg><\/span>\n\t\t\t\t\t\t\t\t\t\t\t\t\t\t<\/span>\n\t\t\t\t\t\t\t\t\t\t\t\t<a class=\"elementor-accordion-title\" tabindex=\"0\">Participaci\u00f3n y Educaci\u00f3n<\/a>\n\t\t\t\t\t<\/div>\n\t\t\t\t\t<div id=\"elementor-tab-content-1334\" class=\"elementor-tab-content elementor-clearfix\" data-tab=\"4\" role=\"region\" aria-labelledby=\"elementor-tab-title-1334\"><ul><li>Involucrar a los clientes en decisiones relacionadas con materiales, eficiencia energ\u00e9tica<br \/>u otras pr\u00e1cticas razonables.<\/li><li>Informar y sensibilizar sobre los beneficios a largo plazo de la construcci\u00f3n sostenible<br \/>(ahorro energ\u00e9tico, menor mantenimiento, impacto positivo en la salud, etc.)<\/li><\/ul><\/div>\n\t\t\t\t<\/div>\n\t\t\t\t\t\t\t\t<\/div>\n\t\t\t\t\t\t<\/div>\n\t\t\t\t<\/div>\n\t\t\t\t\t<\/div>\n\t\t<\/div>\n\t\t\t\t<div class=\"elementor-column elementor-col-50 elementor-inner-column elementor-element elementor-element-6ee7fb32\" data-id=\"6ee7fb32\" data-element_type=\"column\" data-e-type=\"column\">\n\t\t\t<div class=\"elementor-widget-wrap elementor-element-populated\">\n\t\t\t\t\t\t<div class=\"elementor-element elementor-element-44178f9 elementor-widget elementor-widget-image\" data-id=\"44178f9\" data-element_type=\"widget\" data-e-type=\"widget\" data-widget_type=\"image.default\">\n\t\t\t\t<div class=\"elementor-widget-container\">\n\t\t\t\t\t\t\t\t\t\t\t\t\t\t\t<img decoding=\"async\" width=\"592\" height=\"900\" src=\"https:\/\/sevegra.com\/wp-content\/uploads\/2025\/06\/Diseno-sin-titulo-1.png\" class=\"attachment-large size-large wp-image-2240\" alt=\"\" srcset=\"https:\/\/sevegra.com\/wp-content\/uploads\/2025\/06\/Diseno-sin-titulo-1.png 592w, https:\/\/sevegra.com\/wp-content\/uploads\/2025\/06\/Diseno-sin-titulo-1-197x300.png 197w, https:\/\/sevegra.com\/wp-content\/uploads\/2025\/06\/Diseno-sin-titulo-1-8x12.png 8w, https:\/\/sevegra.com\/wp-content\/uploads\/2025\/06\/Diseno-sin-titulo-1-263x400.png 263w\" sizes=\"(max-width: 592px) 100vw, 592px\" \/>\t\t\t\t\t\t\t\t\t\t\t\t\t\t\t<\/div>\n\t\t\t\t<\/div>\n\t\t\t\t\t<\/div>\n\t\t<\/div>\n\t\t\t\t\t<\/div>\n\t\t<\/section>\n\t\t\t\t\t<\/div>\n\t\t<\/div>\n\t\t\t\t\t<\/div>\n\t\t<\/section>\n\t\t<div class=\"elementor-element elementor-element-a728234 e-con-full e-flex wpr-particle-no wpr-jarallax-no wpr-parallax-no wpr-sticky-section-no e-con e-parent\" data-id=\"a728234\" data-element_type=\"container\" data-e-type=\"container\">\n\t\t\t\t<div class=\"elementor-element elementor-element-f12210c elementor-widget elementor-widget-text-editor\" data-id=\"f12210c\" data-element_type=\"widget\" data-e-type=\"widget\" data-widget_type=\"text-editor.default\">\n\t\t\t\t<div class=\"elementor-widget-container\">\n\t\t\t\t\t\t\t\t\t<p>La implementaci\u00f3n y seguimiento de esta pol\u00edtica est\u00e1 a cargo de la Gerencia General junto con<br \/>el Departamento T\u00e9cnico y de Sostenibilidad. Este documento ser\u00e1 revisado peri\u00f3dicamente<br \/>para garantizar su vigencia y relevancia.<\/p>\t\t\t\t\t\t\t\t<\/div>\n\t\t\t\t<\/div>\n\t\t\t\t<\/div>\n\t\t\t\t<\/div>","protected":false},"excerpt":{"rendered":"<p>En SEVEGRA S.L. estamos comprometidos con la sostenibilidad, la responsabilidad social y la mejora continua en todos nuestros procesos. Como parte de ese compromiso, hemos completado con \u00e9xito el Programa de Capacitaci\u00f3n: Proveedores Sostenibles, impulsado por el Pacto Mundial de las Naciones Unidas. Este reconocimiento oficial nos acredita como proveedor sostenible, alineado con los Objetivos de Desarrollo Sostenible (ODS) y las mejores pr\u00e1cticas internacionales en materia ambiental, social y de gobernanza (ESG). POL\u00cdTICA Del Sistema Integrado de Gesti\u00f3n https:\/\/sevegra.com\/wp-content\/uploads\/2025\/06\/Tonnes-loaded-in-2.mp4 Sevegra S.L, es una empresa familiar caracterizada por ofrecer un trato muy personalizado, con una experiencia en el sector de m\u00e1s de 30 a\u00f1os. Ha sabido diversificarse de forma que, siendo su origen la se\u00f1alizaci\u00f3n, pr\u00e1cticamente ofrece sus servicios dentro de todos los campos del sector de la construcci\u00f3n. La direcci\u00f3n de Sevegra S.L, basando su trabajo en la importancia de satisfacer las necesidades y expectativas de sus clientes, el respeto y cuidado por el medioambiente y la seguridad y salud en el trabajo y de sus trabajadores, se compromete junto con toda la organizaci\u00f3n, a incorporar todos los medios profesionales, materiales, legales y t\u00e9cnicos, adem\u00e1s, de cumplir la legislaci\u00f3n vigente y requisitos del cliente para prevenir y evitar los riesgos ambientales y de seguridad y salud existentes en las actividades que desarrolla, reduciendo los impactos ambientales e incidentes laborales. Para ello establece un Sistema integrado de gesti\u00f3n de la Calidad En base a los requisitos de la Norma UNE-EN-ISO 9001:2015,\u00a0 de Gesti\u00f3n medioambiental en base a los requisitos de la Norma UNE-EN-ISO 14001:2015 y de gesti\u00f3n de la Seguridad y Salud Laboral, de acuerdo a OHSAS 18001:2007 y cuyo alcance es \u201cConstrucci\u00f3n de Obra Civil, Reformas y Rehabilitaciones\u201d, estructurado en torno a esta pol\u00edtica, y basado en los siguientes principios: La gesti\u00f3n de calidad, ambiental y de seguridad y salud en el trabajo es un elemento estrat\u00e9gico para el funcionamiento de la organizaci\u00f3n y satisfacci\u00f3n plena del cliente. Integrar un compromiso para la protecci\u00f3n del medio ambiente, incluida la prevenci\u00f3n de la contaminaci\u00f3n, en todas las actividades desarrolladas en el \u00e1mbito de nuestras instalaciones y fuera de las mismas. Existe el firme compromiso que nuestras actuaciones, actividades y servicios cumplan con los requisitos internos del cliente y otros que la organizaci\u00f3n suscriba, los legales y normativos establecidos, y de esforzarnos en ser m\u00e1s exigentes con dichos requisitos siempre que sea posible. Fomentaremos la formaci\u00f3n y sensibilizaci\u00f3n de nuestros empleados, as\u00ed como la comunicaci\u00f3n con nuestros trabajadores, clientes y proveedores. Tenemos el firme compromiso de mejorar continuamente la eficacia del sistema integrado de gesti\u00f3n, potenciando las relaciones con nuestros clientes, el respeto por el medio ambiente y la seguridad y salud en el trabajo. Cumplir con los objetivos de calidad, ambiental y de seguridad y salud y las metas ambientales descritas en nuestro sistema, de acuerdo, con los aspectos e impactos de las actividades llevadas a cabo, y por otra parte, con todos los requisitos adquiridos por Sevegra S.L. As\u00ed mismo, esta pol\u00edtica constituye el marco para establecer y revisar los objetivos y metas orient\u00e1ndose a la obtenci\u00f3n de los fines propuestos. Crearemos el ambiente de trabajo apropiado para que el personal se involucre en el \u00e9xito de los objetivos de la organizaci\u00f3n y mantener los niveles exigidos en medio ambiente y seguridad y salud. Como base fundamental para la coherencia de los compromisos adquiridos, y la participaci\u00f3n activa de los miembros de la organizaci\u00f3n, la direcci\u00f3n de Sevegra S.L. difunde esta pol\u00edtica a todos sus clientes, trabajadores, subcontratistas y a cualquier parte interesada que lo requiera, con el fin de crear una conciencia clara de colaboraci\u00f3n para hacer viable dicho compromiso. POL\u00cdTICA De Sostenibilidad https:\/\/sevegra.com\/wp-content\/uploads\/2025\/06\/Tonnes-loaded-in-3.mp4 Estimado cliente, Ponemos en su conocimiento nuestra Pol\u00edtica de Sostenibilidad, con la \u00fanica intenci\u00f3n de darles a conocer que en SEVEGRA, S.L. asumimos la sostenibilidad como eje fundamental de nuestra actividad en el sector de la construcci\u00f3n. Nos comprometemos a dise\u00f1ar y ejecutar proyectos que contribuyan al desarrollo responsable, minimizando el impacto ambiental, promoviendo la eficiencia de recursos y generando valor social a largo plazo para nuestros clientes y las comunidades en las que operamos. Principios Rectores Cumplimiento De la normativa ambiental, social y de seguridad aplicable. Mejora Continua en nuestros procesos constructivos. Alineaci\u00f3n con los Objetivos de Desarrollo Sostenible (ODS) de la ONU Transparencia en la informaci\u00f3n sobre los impactos ambientales y sociales de nuestros proyectos. Compromiso con nuestros Clientes Compromiso ambiental Promover el uso de materiales de construcci\u00f3n sostenibles, reciclables o certificados. Dise\u00f1ar obras con criterios de eficiencia energ\u00e9tica, reducci\u00f3n de residuos y gesti\u00f3nresponsable del agua. Fomentar la construcci\u00f3n de edificaciones que incorporen soluciones bioclim\u00e1ticas,sistemas pasivos o tecnolog\u00edas limpias. Compromiso Social Desarrollar proyectos que mejoren la calidad de vida y respondan a las necesidadesreales de los usuarios. Garantizar condiciones laborales justas y seguras para todo el personal vinculadodirecta o indirectamente con nuestras obras. Fomentar la accesibilidad, la equidad y el dise\u00f1o universal en nuestras construcciones. Transparencia y Comunicaci\u00f3n Responsable Brindar a nuestros clientes informaci\u00f3n clara sobre las caracter\u00edsticas sostenibles de susproyectos. Incluir criterios de sostenibilidad en las propuestas t\u00e9cnicas y presupuestarias. Establecer canales abiertos para que los clientes puedan hacer sugerencias o expresarinquietudes sobre el impacto de sus proyectos. Participaci\u00f3n y Educaci\u00f3n Involucrar a los clientes en decisiones relacionadas con materiales, eficiencia energ\u00e9ticau otras pr\u00e1cticas razonables. Informar y sensibilizar sobre los beneficios a largo plazo de la construcci\u00f3n sostenible(ahorro energ\u00e9tico, menor mantenimiento, impacto positivo en la salud, etc.) La implementaci\u00f3n y seguimiento de esta pol\u00edtica est\u00e1 a cargo de la Gerencia General junto conel Departamento T\u00e9cnico y de Sostenibilidad. Este documento ser\u00e1 revisado peri\u00f3dicamentepara garantizar su vigencia y relevancia.<\/p>","protected":false},"author":1,"featured_media":2228,"parent":0,"menu_order":0,"comment_status":"closed","ping_status":"closed","template":"","meta":{"_bst_post_transparent":"","_bst_post_title":"default","_bst_post_layout":"default","_bst_post_sidebar_id":"","_bst_post_content_style":"unboxed","_bst_post_vertical_padding":"hide","_bst_post_feature":"hide","_bst_post_feature_position":"","_bst_post_header":false,"_bst_post_footer":false,"footnotes":""},"class_list":["post-1664","page","type-page","status-publish","has-post-thumbnail","hentry"],"yoast_head":"<!-- This site is optimized with the Yoast SEO plugin v27.2 - https:\/\/yoast.com\/product\/yoast-seo-wordpress\/ -->\n<title>Pol\u00edtica y Gesti\u00f3n Ambiental - Sevegra Sevegra<\/title>\n<meta name=\"description\" content=\"Pol\u00edtica y Gesti\u00f3n Ambiental, en Sevegra respetamos el medio ambiente para que las nuevas generaciones puedan disfrutarlo.\" \/>\n<meta name=\"robots\" content=\"index, follow, max-snippet:-1, max-image-preview:large, max-video-preview:-1\" \/>\n<link rel=\"canonical\" href=\"https:\/\/sevegra.com\/en\/ambiental\/\" \/>\n<meta property=\"og:locale\" content=\"en_GB\" \/>\n<meta property=\"og:type\" content=\"article\" \/>\n<meta property=\"og:title\" content=\"Pol\u00edtica y Gesti\u00f3n Ambiental - Sevegra Sevegra\" \/>\n<meta property=\"og:description\" content=\"Pol\u00edtica y Gesti\u00f3n Ambiental, en Sevegra respetamos el medio ambiente para que las nuevas generaciones puedan disfrutarlo.\" \/>\n<meta property=\"og:url\" content=\"https:\/\/sevegra.com\/en\/ambiental\/\" \/>\n<meta property=\"og:site_name\" content=\"Sevegra\" \/>\n<meta property=\"article:publisher\" content=\"https:\/\/www.facebook.com\/profile.php?id=100063737971205#\" \/>\n<meta property=\"article:modified_time\" content=\"2025-07-30T06:08:13+00:00\" \/>\n<meta property=\"og:image\" content=\"https:\/\/sevegra.com\/wp-content\/uploads\/2025\/06\/Certificado-1.png\" \/>\n\t<meta property=\"og:image:width\" content=\"2339\" \/>\n\t<meta property=\"og:image:height\" content=\"1654\" \/>\n\t<meta property=\"og:image:type\" content=\"image\/png\" \/>\n<meta name=\"twitter:card\" content=\"summary_large_image\" \/>\n<meta name=\"twitter:site\" content=\"@sevegra\" \/>\n<meta name=\"twitter:label1\" content=\"Estimated reading time\" \/>\n\t<meta name=\"twitter:data1\" content=\"6 minutes\" \/>\n<script type=\"application\/ld+json\" class=\"yoast-schema-graph\">{\"@context\":\"https:\/\/schema.org\",\"@graph\":[{\"@type\":\"WebPage\",\"@id\":\"https:\/\/sevegra.com\/ambiental\/\",\"url\":\"https:\/\/sevegra.com\/ambiental\/\",\"name\":\"Pol\u00edtica y Gesti\u00f3n Ambiental - Sevegra Sevegra\",\"isPartOf\":{\"@id\":\"https:\/\/sevegra.com\/#website\"},\"primaryImageOfPage\":{\"@id\":\"https:\/\/sevegra.com\/ambiental\/#primaryimage\"},\"image\":{\"@id\":\"https:\/\/sevegra.com\/ambiental\/#primaryimage\"},\"thumbnailUrl\":\"https:\/\/sevegra.com\/wp-content\/uploads\/2025\/06\/Certificado-1.png\",\"datePublished\":\"2024-11-09T04:43:54+00:00\",\"dateModified\":\"2025-07-30T06:08:13+00:00\",\"description\":\"Pol\u00edtica y Gesti\u00f3n Ambiental, en Sevegra respetamos el medio ambiente para que las nuevas generaciones puedan disfrutarlo.\",\"breadcrumb\":{\"@id\":\"https:\/\/sevegra.com\/ambiental\/#breadcrumb\"},\"inLanguage\":\"en-GB\",\"potentialAction\":[{\"@type\":\"ReadAction\",\"target\":[\"https:\/\/sevegra.com\/ambiental\/\"]}]},{\"@type\":\"ImageObject\",\"inLanguage\":\"en-GB\",\"@id\":\"https:\/\/sevegra.com\/ambiental\/#primaryimage\",\"url\":\"https:\/\/sevegra.com\/wp-content\/uploads\/2025\/06\/Certificado-1.png\",\"contentUrl\":\"https:\/\/sevegra.com\/wp-content\/uploads\/2025\/06\/Certificado-1.png\",\"width\":2339,\"height\":1654},{\"@type\":\"BreadcrumbList\",\"@id\":\"https:\/\/sevegra.com\/ambiental\/#breadcrumb\",\"itemListElement\":[{\"@type\":\"ListItem\",\"position\":1,\"name\":\"Portada\",\"item\":\"https:\/\/sevegra.com\/\"},{\"@type\":\"ListItem\",\"position\":2,\"name\":\"Pol\u00edtica y Gesti\u00f3n Ambiental\"}]},{\"@type\":\"WebSite\",\"@id\":\"https:\/\/sevegra.com\/#website\",\"url\":\"https:\/\/sevegra.com\/\",\"name\":\"Sevegra\",\"description\":\"\",\"publisher\":{\"@id\":\"https:\/\/sevegra.com\/#organization\"},\"potentialAction\":[{\"@type\":\"SearchAction\",\"target\":{\"@type\":\"EntryPoint\",\"urlTemplate\":\"https:\/\/sevegra.com\/?s={search_term_string}\"},\"query-input\":{\"@type\":\"PropertyValueSpecification\",\"valueRequired\":true,\"valueName\":\"search_term_string\"}}],\"inLanguage\":\"en-GB\"},{\"@type\":\"Organization\",\"@id\":\"https:\/\/sevegra.com\/#organization\",\"name\":\"Sevegra S.L.\",\"url\":\"https:\/\/sevegra.com\/\",\"logo\":{\"@type\":\"ImageObject\",\"inLanguage\":\"en-GB\",\"@id\":\"https:\/\/sevegra.com\/#\/schema\/logo\/image\/\",\"url\":\"https:\/\/sevegra.com\/wp-content\/uploads\/2025\/05\/cropped-Logo-SEVEGRA-2.png\",\"contentUrl\":\"https:\/\/sevegra.com\/wp-content\/uploads\/2025\/05\/cropped-Logo-SEVEGRA-2.png\",\"width\":210,\"height\":51,\"caption\":\"Sevegra S.L.\"},\"image\":{\"@id\":\"https:\/\/sevegra.com\/#\/schema\/logo\/image\/\"},\"sameAs\":[\"https:\/\/www.facebook.com\/profile.php?id=100063737971205#\",\"https:\/\/x.com\/sevegra\"]}]}<\/script>\n<!-- \/ Yoast SEO plugin. -->","yoast_head_json":{"title":"Pol\u00edtica y Gesti\u00f3n Ambiental - Sevegra Sevegra","description":"Pol\u00edtica y Gesti\u00f3n Ambiental, en Sevegra respetamos el medio ambiente para que las nuevas generaciones puedan disfrutarlo.","robots":{"index":"index","follow":"follow","max-snippet":"max-snippet:-1","max-image-preview":"max-image-preview:large","max-video-preview":"max-video-preview:-1"},"canonical":"https:\/\/sevegra.com\/en\/ambiental\/","og_locale":"en_GB","og_type":"article","og_title":"Pol\u00edtica y Gesti\u00f3n Ambiental - Sevegra Sevegra","og_description":"Pol\u00edtica y Gesti\u00f3n Ambiental, en Sevegra respetamos el medio ambiente para que las nuevas generaciones puedan disfrutarlo.","og_url":"https:\/\/sevegra.com\/en\/ambiental\/","og_site_name":"Sevegra","article_publisher":"https:\/\/www.facebook.com\/profile.php?id=100063737971205#","article_modified_time":"2025-07-30T06:08:13+00:00","og_image":[{"width":2339,"height":1654,"url":"https:\/\/sevegra.com\/wp-content\/uploads\/2025\/06\/Certificado-1.png","type":"image\/png"}],"twitter_card":"summary_large_image","twitter_site":"@sevegra","twitter_misc":{"Estimated reading time":"6 minutes"},"schema":{"@context":"https:\/\/schema.org","@graph":[{"@type":"WebPage","@id":"https:\/\/sevegra.com\/ambiental\/","url":"https:\/\/sevegra.com\/ambiental\/","name":"Pol\u00edtica y Gesti\u00f3n Ambiental - Sevegra Sevegra","isPartOf":{"@id":"https:\/\/sevegra.com\/#website"},"primaryImageOfPage":{"@id":"https:\/\/sevegra.com\/ambiental\/#primaryimage"},"image":{"@id":"https:\/\/sevegra.com\/ambiental\/#primaryimage"},"thumbnailUrl":"https:\/\/sevegra.com\/wp-content\/uploads\/2025\/06\/Certificado-1.png","datePublished":"2024-11-09T04:43:54+00:00","dateModified":"2025-07-30T06:08:13+00:00","description":"Pol\u00edtica y Gesti\u00f3n Ambiental, en Sevegra respetamos el medio ambiente para que las nuevas generaciones puedan disfrutarlo.","breadcrumb":{"@id":"https:\/\/sevegra.com\/ambiental\/#breadcrumb"},"inLanguage":"en-GB","potentialAction":[{"@type":"ReadAction","target":["https:\/\/sevegra.com\/ambiental\/"]}]},{"@type":"ImageObject","inLanguage":"en-GB","@id":"https:\/\/sevegra.com\/ambiental\/#primaryimage","url":"https:\/\/sevegra.com\/wp-content\/uploads\/2025\/06\/Certificado-1.png","contentUrl":"https:\/\/sevegra.com\/wp-content\/uploads\/2025\/06\/Certificado-1.png","width":2339,"height":1654},{"@type":"BreadcrumbList","@id":"https:\/\/sevegra.com\/ambiental\/#breadcrumb","itemListElement":[{"@type":"ListItem","position":1,"name":"Portada","item":"https:\/\/sevegra.com\/"},{"@type":"ListItem","position":2,"name":"Pol\u00edtica y Gesti\u00f3n Ambiental"}]},{"@type":"WebSite","@id":"https:\/\/sevegra.com\/#website","url":"https:\/\/sevegra.com\/","name":"Sevegra","description":"","publisher":{"@id":"https:\/\/sevegra.com\/#organization"},"potentialAction":[{"@type":"SearchAction","target":{"@type":"EntryPoint","urlTemplate":"https:\/\/sevegra.com\/?s={search_term_string}"},"query-input":{"@type":"PropertyValueSpecification","valueRequired":true,"valueName":"search_term_string"}}],"inLanguage":"en-GB"},{"@type":"Organization","@id":"https:\/\/sevegra.com\/#organization","name":"Sevegra S.L.","url":"https:\/\/sevegra.com\/","logo":{"@type":"ImageObject","inLanguage":"en-GB","@id":"https:\/\/sevegra.com\/#\/schema\/logo\/image\/","url":"https:\/\/sevegra.com\/wp-content\/uploads\/2025\/05\/cropped-Logo-SEVEGRA-2.png","contentUrl":"https:\/\/sevegra.com\/wp-content\/uploads\/2025\/05\/cropped-Logo-SEVEGRA-2.png","width":210,"height":51,"caption":"Sevegra S.L."},"image":{"@id":"https:\/\/sevegra.com\/#\/schema\/logo\/image\/"},"sameAs":["https:\/\/www.facebook.com\/profile.php?id=100063737971205#","https:\/\/x.com\/sevegra"]}]}},"_links":{"self":[{"href":"https:\/\/sevegra.com\/en\/wp-json\/wp\/v2\/pages\/1664","targetHints":{"allow":["GET"]}}],"collection":[{"href":"https:\/\/sevegra.com\/en\/wp-json\/wp\/v2\/pages"}],"about":[{"href":"https:\/\/sevegra.com\/en\/wp-json\/wp\/v2\/types\/page"}],"author":[{"embeddable":true,"href":"https:\/\/sevegra.com\/en\/wp-json\/wp\/v2\/users\/1"}],"replies":[{"embeddable":true,"href":"https:\/\/sevegra.com\/en\/wp-json\/wp\/v2\/comments?post=1664"}],"version-history":[{"count":32,"href":"https:\/\/sevegra.com\/en\/wp-json\/wp\/v2\/pages\/1664\/revisions"}],"predecessor-version":[{"id":2257,"href":"https:\/\/sevegra.com\/en\/wp-json\/wp\/v2\/pages\/1664\/revisions\/2257"}],"wp:featuredmedia":[{"embeddable":true,"href":"https:\/\/sevegra.com\/en\/wp-json\/wp\/v2\/media\/2228"}],"wp:attachment":[{"href":"https:\/\/sevegra.com\/en\/wp-json\/wp\/v2\/media?parent=1664"}],"curies":[{"name":"wp","href":"https:\/\/api.w.org\/{rel}","templated":true}]}}